{"id":31,"date":"2023-10-09T21:27:54","date_gmt":"2023-10-09T19:27:54","guid":{"rendered":"http:\/\/dergreg.info\/g-kraftschik\/?page_id=31"},"modified":"2023-10-10T19:59:10","modified_gmt":"2023-10-10T17:59:10","slug":"impressum-datenschutz","status":"publish","type":"page","link":"http:\/\/dergreg.info\/g-kraftschik\/impressum-datenschutz\/","title":{"rendered":"Impressum &#038; Datenschutz"},"content":{"rendered":"\n<p><strong>Medieninhaber:<\/strong> Mag. Gregor Kraftschik, Ansfelden, \u00d6sterreich.<\/p>\n\n\n\n<p id=\"yui_3_16_0_1_1696877460890_7514\"><strong>Kontakt:<\/strong> gregor.kraftschik \/at\/ dergreg.info<\/p>\n\n\n\n<p><strong>Grundlegende Richtung: <\/strong><br>Darstellung des Lebenslaufes und der Aktivit\u00e4ten von Mag. Gregor Kraftschik.<\/p>\n\n\n\n<p>Diese Seite basiert auf <a href=\"https:\/\/slightlytheme.com\/?ref=footer\">Slightly Theme<\/a>.<\/p>\n\n\n\n<h2 class=\"wp-block-heading\">Datenschutzvereinbarungen<\/h2>\n\n\n\n<p>In dieser Datenschutzerkl\u00e4rung informiere ich Sie \u00fcber die Verarbeitung Ihrer personenbezogenen Daten.<\/p>\n\n\n\n<p><strong>Verantwortlich<\/strong>: Mag. Gregor Kraftschik, Ansfelden, \u00d6sterreich.<\/p>\n\n\n\n<h3 class=\"wp-block-heading\">Hosting<\/h3>\n\n\n\n<p>Ich hoste meine Website bei meinem Auftragsverarbeiter issp e.U., Semperitstra\u00dfe 11\/12, 2514 Traiskirchen, \u00d6sterreich.<\/p>\n\n\n\n<p>Zum Zweck der Bereitstellung und der Auslieferung der Website werden Verbindungsdaten verarbeitet. Zum blo\u00dfen Zweck der Auslieferung und Bereitstellung der Website werden die Daten \u00fcber den Aufruf hinaus nicht gespeichert. Es erfolgt jedoch eine Speicherung der Verbindungsdaten durch meinen Auftragsverarbeiter zu Sicherheitszwecken. Die Dauer der Verarbeitung zu Sicherheitszwecken ist variabel und endet mit der Notwendigkeit der Sicherheitsma\u00dfnahmen. Zudem anonymisiert unser Auftragsverarbeiter die erhobenen Daten unmittelbar nach der Erhebung und stellt uns die anonymen Daten in Form von Statistiken zur Auswertung zur Verf\u00fcgung. Wir nutzen diese Statistiken zur Fehlerbehebung und zur Weiterentwicklung meiner Website.<\/p>\n\n\n\n<p>Die Rechtsgrundlage f\u00fcr die Datenverarbeitung ist die unbedingte technische Notwendigkeit zur Bereitstellung und Auslieferung des von Ihnen durch Ihren Aufruf ausdr\u00fccklich gew\u00fcnschten Dienstes &#8222;Website&#8220; gem\u00e4\u00df \u00a7 165 Abs. 3 TKG 2021 iVm Art. 6 Abs 1 lit. f DSGVO.<\/p>\n\n\n\n<h3 class=\"wp-block-heading\">Server Log Files<\/h3>\n\n\n\n<p>Zum Zweck der \u00dcberwachung der technischen Funktion und zur Erh\u00f6hung der Betriebssicherheit meines Webhosts werden Verbindungsdaten verarbeitet. Die Dauer der Verarbeitung ist auf 14 Tage beschr\u00e4nkt.<\/p>\n\n\n\n<p>Die Rechtsgrundlage f\u00fcr die Datenverarbeitung ist die unbedingte technische Notwendigkeit eines Server Log Files als grundlegende Datenbasis zur Fehleranalyse und f\u00fcr Sicherheitsma\u00dfnahmen im Rahmen des durch Ihren Aufruf ausdr\u00fccklich gew\u00fcnschten Dienstes gem\u00e4\u00df \u00a7 165 Abs. 3 TKG 2021 iVm Art. 6 Abs. 1 lit. f DSGVO.<\/p>\n\n\n\n<h3 class=\"wp-block-heading\">Widerspruchsrecht<\/h3>\n\n\n\n<p>Ihnen stehen grunds\u00e4tzlich die Rechte auf Auskunft, Berichtigung, L\u00f6schung, Einschr\u00e4nkung, Daten\u00fcbertragbarkeit und Widerruf zu. <\/p>\n\n\n\n<p>Wenn Sie glauben, dass die Verarbeitung Ihrer Daten gegen das Datenschutzrecht verst\u00f6\u00dft oder Ihre datenschutzrechtlichen Anspr\u00fcche sonst in einer Weise verletzt worden sind, k\u00f6nnen Sie sich bei der Aufsichtsbeh\u00f6rde beschweren, sofern ich nicht in angemessener Zeit reagiere. In \u00d6sterreich ist dies die Datenschutzbeh\u00f6rde.<\/p>\n\n\n\n<p><\/p>\n","protected":false},"excerpt":{"rendered":"<p>Medieninhaber: Mag. Gregor Kraftschik, Ansfelden, \u00d6sterreich. Kontakt: gregor.kraftschik \/at\/ dergreg.info Grundlegende Richtung: Darstellung des Lebenslaufes und der Aktivit\u00e4ten von Mag. Gregor Kraftschik. Diese Seite basiert auf Slightly Theme. Datenschutzvereinbarungen In dieser Datenschutzerkl\u00e4rung informiere ich Sie \u00fcber die Verarbeitung Ihrer personenbezogenen Daten. Verantwortlich: Mag. Gregor Kraftschik, Ansfelden, \u00d6sterreich. Hosting Ich hoste meine Website bei meinem Auftragsverarbeiter [&hellip;]<\/p>\n","protected":false},"author":1,"featured_media":0,"parent":0,"menu_order":0,"comment_status":"closed","ping_status":"closed","template":"","meta":{"footnotes":""},"class_list":["post-31","page","type-page","status-publish","hentry"],"_links":{"self":[{"href":"http:\/\/dergreg.info\/g-kraftschik\/wp-json\/wp\/v2\/pages\/31","targetHints":{"allow":["GET"]}}],"collection":[{"href":"http:\/\/dergreg.info\/g-kraftschik\/wp-json\/wp\/v2\/pages"}],"about":[{"href":"http:\/\/dergreg.info\/g-kraftschik\/wp-json\/wp\/v2\/types\/page"}],"author":[{"embeddable":true,"href":"http:\/\/dergreg.info\/g-kraftschik\/wp-json\/wp\/v2\/users\/1"}],"replies":[{"embeddable":true,"href":"http:\/\/dergreg.info\/g-kraftschik\/wp-json\/wp\/v2\/comments?post=31"}],"version-history":[{"count":4,"href":"http:\/\/dergreg.info\/g-kraftschik\/wp-json\/wp\/v2\/pages\/31\/revisions"}],"predecessor-version":[{"id":133,"href":"http:\/\/dergreg.info\/g-kraftschik\/wp-json\/wp\/v2\/pages\/31\/revisions\/133"}],"wp:attachment":[{"href":"http:\/\/dergreg.info\/g-kraftschik\/wp-json\/wp\/v2\/media?parent=31"}],"curies":[{"name":"wp","href":"https:\/\/api.w.org\/{rel}","templated":true}]}}